{"id":932,"date":"2026-07-21T13:36:29","date_gmt":"2026-07-21T13:36:29","guid":{"rendered":"https:\/\/freedom.degree\/projects\/vaster-bridge\/"},"modified":"2026-09-02T16:16:58","modified_gmt":"2026-09-02T16:16:58","slug":"gangbrua-i-eskilstuna","status":"publish","type":"project","link":"https:\/\/freedom.degree\/no\/projects\/gangbrua-i-eskilstuna\/","title":{"rendered":"Gangbrua i Eskilstuna"},"content":{"rendered":"\n<p class=\"wp-block-paragraph\">Gangbrua i Eskilstuna forbinder sentrum med bydelen Munktellstaden og er en del av transformasjonen av byens tidligere industriomr\u00e5de.<\/p>\n\n\n<div class=\" awards-block border-t border-b border-black mb-10\">\n        <div class=\"flex flex-col gap-1 py-2\">\n                            <div class=\"grid grid-cols-6 gap-5\">\n                    <div class=\"col-span-1\">\n                                                    Priser\n                                            <\/div>\n                    <div class=\"col-span-1\">2016<\/div>\n                    <div class=\"col-span-4\">Sveriges Arkitekters pris for god arkitektur<\/div>\n                <\/div>\n                    <\/div>\n    <\/div>\n\n\n\n<p class=\"wp-block-paragraph\">Prosjektet, som ble utviklet p\u00e5 oppdrag fra Eskilstuna kommune, inng\u00e5r i omdanningen av det tidligere industriomr\u00e5det til en ny bydel med sv\u00f8mmehall, idretts- og kulturtilbud, boliger og offentlige byrom. I tillegg til \u00e5 forbedre forbindelsen mellom de to elvebreddene, var m\u00e5let \u00e5 styrke kvaliteten p\u00e5 elverommet gjennom en arkitektonisk l\u00f8sning som er godt integrert i omgivelsene. I konseptfasen ble det utviklet tre alternativer, hvor den valgte l\u00f8sningen kjennetegnes av en lett konstruksjon med skr\u00e5stilte buer under brudekket. Brua best\u00e5r av tre spenn: et hovedspenn p\u00e5 32 meter og to sidespenn p\u00e5 16,5 meter med samme konstruktive geometri, noe som gir en slank og balansert konstruksjon. <\/p>\n\n\n\n<p class=\"wp-block-paragraph\">Degree of Freedom samarbeidet med WSP Sverige i forprosjekteringsfasen og hadde ansvaret for den konseptuelle utformingen, b\u00e5de arkitektonisk og konstruktivt.<\/p>\n\n\n<div class=\" my-10\">\n                        <div>\n                <img decoding=\"async\" src=\"https:\/\/freedom.degree\/wp-content\/uploads\/2026\/07\/Vaster-bridge_Michael-Perlmutter-Goran-Jonsson_07.jpg\" alt=\"\" class=\"w-full h-auto object-cover\" \/>\n                            <\/div>\n            <\/div>\n\n\n<div class=\" my-10\">\n                        <div>\n                <img decoding=\"async\" src=\"https:\/\/freedom.degree\/wp-content\/uploads\/2026\/07\/Vaster-bridge_Michael-Perlmutter-Goran-Jonsson_06_1.jpg\" alt=\"\" class=\"w-full h-auto object-cover\" \/>\n                            <\/div>\n            <\/div>\n\n\n<div class=\" my-10\">\n                        <div>\n                <img decoding=\"async\" src=\"https:\/\/freedom.degree\/wp-content\/uploads\/2026\/07\/Vaster-bridge_Michael-Perlmutter-Goran-Jonsson_04_1.jpg\" alt=\"\" class=\"w-full h-auto object-cover\" \/>\n                            <\/div>\n            <\/div>\n\n\n<div class=\" my-10\">\n                        <div>\n                <img decoding=\"async\" src=\"https:\/\/freedom.degree\/wp-content\/uploads\/2026\/07\/Vaster-bridge_Michael-Perlmutter-Goran-Jonsson_01.jpg\" alt=\"\" class=\"w-full h-auto object-cover\" \/>\n                                    <div class=\"mt-2.5 grid grid-cols-6\">\n                        <div class=\"col-span-2 text-[12px] text-black\">\n                            Michael Perlmutter \/ Goran Jonsson\n                        <\/div>\n                    <\/div>\n                            <\/div>\n            <\/div>\n\n\n\n<p class=\"wp-block-paragraph\"><\/p>\n","protected":false},"featured_media":935,"menu_order":0,"template":"","typology":[50],"material":[52],"location":[58],"class_list":["post-932","project","type-project","status-publish","has-post-thumbnail","hentry","typology-broer-infrastruktur","material-stal","location-sweden"],"acf":[],"_links":{"self":[{"href":"https:\/\/freedom.degree\/no\/wp-json\/wp\/v2\/project\/932","targetHints":{"allow":["GET"]}}],"collection":[{"href":"https:\/\/freedom.degree\/no\/wp-json\/wp\/v2\/project"}],"about":[{"href":"https:\/\/freedom.degree\/no\/wp-json\/wp\/v2\/types\/project"}],"wp:featuredmedia":[{"embeddable":true,"href":"https:\/\/freedom.degree\/no\/wp-json\/wp\/v2\/media\/935"}],"wp:attachment":[{"href":"https:\/\/freedom.degree\/no\/wp-json\/wp\/v2\/media?parent=932"}],"wp:term":[{"taxonomy":"typology","embeddable":true,"href":"https:\/\/freedom.degree\/no\/wp-json\/wp\/v2\/typology?post=932"},{"taxonomy":"material","embeddable":true,"href":"https:\/\/freedom.degree\/no\/wp-json\/wp\/v2\/material?post=932"},{"taxonomy":"location","embeddable":true,"href":"https:\/\/freedom.degree\/no\/wp-json\/wp\/v2\/location?post=932"}],"curies":[{"name":"wp","href":"https:\/\/api.w.org\/{rel}","templated":true}]}}