{"id":1145,"date":"2026-07-31T14:27:06","date_gmt":"2026-07-31T14:27:06","guid":{"rendered":"https:\/\/freedom.degree\/projects\/fortaleny-footbridge\/"},"modified":"2026-09-02T16:22:18","modified_gmt":"2026-09-02T16:22:18","slug":"pasarela-ciclopeatonal-fortaleny","status":"publish","type":"project","link":"https:\/\/freedom.degree\/es\/projects\/pasarela-ciclopeatonal-fortaleny\/","title":{"rendered":"Pasarela ciclopeatonal Fortaleny"},"content":{"rendered":"\n<p class=\"wp-block-paragraph\">Esta pasarela peatonal y ciclista refuerza la conexi\u00f3n entre Fortaleny y Sueca, en la provincia de Valencia.<\/p>\n\n\n\n<p class=\"wp-block-paragraph\">La estructura forma parte del proyecto de rehabilitaci\u00f3n del puente Alfonso XIII y de la mejora del itinerario ciclista y peatonal de la CV-509 (Fortaleny\u2013Sueca, Fase 2). Se sit\u00faa en la intersecci\u00f3n de la A-38 y la CV-509, junto al r\u00edo J\u00facar. El vano principal, de 57,8 metros de longitud, est\u00e1 formado por un tablero met\u00e1lico suspendido mediante p\u00e9ndolas de dos arcos inclinados y arriostrados tipo bow-string. El conjunto se completa con dos rampas curvas de acceso, de geometr\u00eda el\u00edptica en planta, cada una formada por cuatro vanos. Los vanos de menor longitud se resuelven mediante vigas caj\u00f3n laterales y un tablero met\u00e1lico rigidizado, garantizando la continuidad del recorrido.<\/p>\n\n\n\n<p class=\"wp-block-paragraph\">La disposici\u00f3n de los apoyos se optimiz\u00f3 para mejorar el comportamiento frente al viento y permitir el aprovechamiento de las cimentaciones existentes. El proceso constructivo incluy\u00f3 el montaje del arco en una zona pr\u00f3xima a la obra y su posterior izado sobre la glorieta mediante dos gr\u00faas de gran capacidad, minimizando las afecciones al tr\u00e1fico y al entorno.<\/p>\n\n\n\n<p class=\"wp-block-paragraph\">Degree of Freedom fue responsable de la topograf\u00eda y el control de obra para la administraci\u00f3n, as\u00ed como de la ingenier\u00eda estructural durante el proyecto de detalle y la construcci\u00f3n. El alcance incluy\u00f3 la optimizaci\u00f3n de detalles constructivos y del sistema de apoyos, la adaptaci\u00f3n de las rampas y de la secci\u00f3n del tablero, el dise\u00f1o de los sistemas de retenci\u00f3n y los lastres, la revisi\u00f3n del procedimiento de montaje y la asistencia t\u00e9cnica durante la fabricaci\u00f3n y la ejecuci\u00f3n de la obra.<\/p>\n\n\n<div class=\" my-10\">\n                        <div>\n                <img decoding=\"async\" src=\"https:\/\/freedom.degree\/wp-content\/uploads\/2026\/07\/Fortaleny_Degree-of-Freedom_02.png\" alt=\"\" class=\"w-full h-auto object-cover\" \/>\n                            <\/div>\n            <\/div>\n\n\n<div class=\" my-10\">\n            <div class=\"grid grid-cols-2 gap-[20px]\">\n                            <div>\n                    <img decoding=\"async\" src=\"https:\/\/freedom.degree\/wp-content\/uploads\/2026\/07\/Fortaleny_Degree-of-Freedom_01-.png\" alt=\"\" class=\"w-full h-auto object-cover\" \/>\n                                    <\/div>\n                                        <div>\n                    <img decoding=\"async\" src=\"https:\/\/freedom.degree\/wp-content\/uploads\/2026\/07\/Fortaleny_Degree-of-Freedom_04.png\" alt=\"\" class=\"w-full h-auto object-cover\" \/>\n                                    <\/div>\n                    <\/div>\n    <\/div>\n\n\n<div class=\" my-10\">\n                        <div>\n                <img decoding=\"async\" src=\"https:\/\/freedom.degree\/wp-content\/uploads\/2026\/07\/Fortaleny_Credit_Espai-Asimetric_6.jpg\" alt=\"\" class=\"w-full h-auto object-cover\" \/>\n                                    <div class=\"mt-2.5 grid grid-cols-6\">\n                        <div class=\"col-span-2 text-[12px] text-black\">\n                            Espai Asim\u00e8tric\n                        <\/div>\n                    <\/div>\n                            <\/div>\n            <\/div>\n","protected":false},"featured_media":1146,"menu_order":0,"template":"","typology":[37],"material":[38],"location":[41],"class_list":["post-1145","project","type-project","status-publish","has-post-thumbnail","hentry","typology-puentes-e-infraestructuras","material-acero","location-espana"],"acf":[],"_links":{"self":[{"href":"https:\/\/freedom.degree\/es\/wp-json\/wp\/v2\/project\/1145","targetHints":{"allow":["GET"]}}],"collection":[{"href":"https:\/\/freedom.degree\/es\/wp-json\/wp\/v2\/project"}],"about":[{"href":"https:\/\/freedom.degree\/es\/wp-json\/wp\/v2\/types\/project"}],"wp:featuredmedia":[{"embeddable":true,"href":"https:\/\/freedom.degree\/es\/wp-json\/wp\/v2\/media\/1146"}],"wp:attachment":[{"href":"https:\/\/freedom.degree\/es\/wp-json\/wp\/v2\/media?parent=1145"}],"wp:term":[{"taxonomy":"typology","embeddable":true,"href":"https:\/\/freedom.degree\/es\/wp-json\/wp\/v2\/typology?post=1145"},{"taxonomy":"material","embeddable":true,"href":"https:\/\/freedom.degree\/es\/wp-json\/wp\/v2\/material?post=1145"},{"taxonomy":"location","embeddable":true,"href":"https:\/\/freedom.degree\/es\/wp-json\/wp\/v2\/location?post=1145"}],"curies":[{"name":"wp","href":"https:\/\/api.w.org\/{rel}","templated":true}]}}